{"id":1859,"date":"2022-08-10T10:29:35","date_gmt":"2022-08-10T08:29:35","guid":{"rendered":"https:\/\/www.camping-belos.com\/les-locations-confort\/"},"modified":"2022-11-29T14:42:48","modified_gmt":"2022-11-29T13:42:48","slug":"confort-vermietung","status":"publish","type":"page","link":"https:\/\/www.camping-belos.com\/de\/die-mietunterkuenfte\/confort-vermietung\/","title":{"rendered":"\u201eConfort\u201c -Vermietung"},"content":{"rendered":"<div class=\"fusion-fullwidth fullwidth-box fusion-builder-row-1 fusion-flex-container nonhundred-percent-fullwidth non-hundred-percent-height-scrolling\" style=\"background-color: rgba(255,255,255,0);background-position: center center;background-repeat: no-repeat;border-width: 0px 0px 0px 0px;border-color:#eae9e9;border-style:solid;\" ><div class=\"fusion-builder-row fusion-row fusion-flex-align-items-flex-start\" style=\"max-width:1456px;margin-left: calc(-4% \/ 2 );margin-right: calc(-4% \/ 2 );\"><div class=\"fusion-layout-column fusion_builder_column fusion-builder-column-0 fusion_builder_column_1_1 1_1 fusion-flex-column\"><div class=\"fusion-column-wrapper fusion-flex-justify-content-flex-start fusion-content-layout-column\" style=\"background-position:left top;background-repeat:no-repeat;-webkit-background-size:cover;-moz-background-size:cover;-o-background-size:cover;background-size:cover;padding: 0px 0px 0px 0px;\"><style type=\"text\/css\">@media only screen and (max-width:1024px) {.fusion-title.fusion-title-1{margin-top:20px!important; margin-right:0px!important;margin-bottom:15px!important;margin-left:0px!important;}}@media only screen and (max-width:640px) {.fusion-title.fusion-title-1{margin-top:15px!important; margin-right:0px!important;margin-bottom:10px!important; margin-left:0px!important;}}<\/style><div class=\"fusion-title title fusion-title-1 fusion-sep-none fusion-title-text fusion-title-size-two\" style=\"margin-top:20px;margin-right:0px;margin-bottom:15px;margin-left:0px;\"><h2 class=\"title-heading-left\" style=\"margin:0;\">Chalets und Mobilheime mit Sanit\u00e4ranlagen, K\u00fcche und Warmwasser<\/h2><\/div><\/div><style type=\"text\/css\">.fusion-body .fusion-builder-column-0{width:100% !important;margin-top : 0px;margin-bottom : 20px;}.fusion-builder-column-0 > .fusion-column-wrapper {padding-top : 0px !important;padding-right : 0px !important;margin-right : 1.92%;padding-bottom : 0px !important;padding-left : 0px !important;margin-left : 1.92%;}@media only screen and (max-width:1024px) {.fusion-body .fusion-builder-column-0{width:100% !important;order : 0;}.fusion-builder-column-0 > .fusion-column-wrapper {margin-right : 1.92%;margin-left : 1.92%;}}@media only screen and (max-width:640px) {.fusion-body .fusion-builder-column-0{width:100% !important;order : 0;}.fusion-builder-column-0 > .fusion-column-wrapper {margin-right : 1.92%;margin-left : 1.92%;}}<\/style><\/div><div class=\"fusion-layout-column fusion_builder_column fusion-builder-column-1 fusion_builder_column_1_1 1_1 fusion-flex-column\"><div class=\"fusion-column-wrapper fusion-flex-justify-content-flex-start fusion-content-layout-column\" style=\"background-position:left top;background-repeat:no-repeat;-webkit-background-size:cover;-moz-background-size:cover;-o-background-size:cover;background-size:cover;padding: 0px 0px 0px 0px;\"><div class=\"fusion-text fusion-text-1\"><p>Sie lieben Campingurlaub, die entspannte Atmosph\u00e4re und auch die Freizeitaktivit\u00e4ten und Dienstleistungen vor Ort, die etwas f\u00fcr die ganze Familie bieten und Ihnen die Organisation Ihres Alltags vereinfachen &#8230;<\/p>\n<p>Aber auch Komfort ist Ihnen wichtig, damit Sie sich im Urlaub so richtig entspannen k\u00f6nnen. Alles Notwendige soll in Ihrer Mietunterkunft auf dem Campingplatz zur Verf\u00fcgung stehen, z. B. ein Duschbad mit Waschbecken, ein privates WC, eine ausgestattete K\u00fcche und Warmwasser.<\/p>\n<p>Suchen Sie nicht weiter: Die Mietunterk\u00fcnfte der Reihe Confort sind wie gemacht f\u00fcr Sie!<\/p>\n<\/div><\/div><style type=\"text\/css\">.fusion-body .fusion-builder-column-1{width:100% !important;margin-top : 0px;margin-bottom : 20px;}.fusion-builder-column-1 > .fusion-column-wrapper {padding-top : 0px !important;padding-right : 0px !important;margin-right : 1.92%;padding-bottom : 0px !important;padding-left : 0px !important;margin-left : 1.92%;}@media only screen and (max-width:1024px) {.fusion-body .fusion-builder-column-1{width:100% !important;order : 0;}.fusion-builder-column-1 > .fusion-column-wrapper {margin-right : 1.92%;margin-left : 1.92%;}}@media only screen and (max-width:640px) {.fusion-body .fusion-builder-column-1{width:100% !important;order : 0;}.fusion-builder-column-1 > .fusion-column-wrapper {margin-right : 1.92%;margin-left : 1.92%;}}<\/style><\/div><div class=\"fusion-layout-column fusion_builder_column fusion-builder-column-2 fusion_builder_column_1_1 1_1 fusion-flex-column\"><div class=\"fusion-column-wrapper fusion-flex-justify-content-flex-start fusion-content-layout-column\" style=\"background-position:left top;background-repeat:no-repeat;-webkit-background-size:cover;-moz-background-size:cover;-o-background-size:cover;background-size:cover;padding: 0px 0px 0px 0px;\">        <style>\t\t\n\t\t\n\t\t#childs { display:flex !important; flex-wrap: wrap; justify-content: center; text-align:center }\n\t\t#childs article { margin:10px; float:none; position:relative }\n\t\t#childs article .cap { position:absolute; top:15px; left:15px; z-index:10; background-color:#efc032; font-weight:bold; border-radius:15px; padding:0 6px; color:#fff }\n\t\t#childs article .cap:after { content: \"\\f2bd\"; font: normal normal normal 16px \/1 \"Font Awesome 5 Free\"; font-weight: bold; margin-left:10px }\n\t\t#childs a img { transition:0.3s opacity }\n\t\t#childs a:hover img { opacity:0.8 }\t\t\n\t\t#childs h2.title-extrait { font-weight:bold !important }\n\t\t#childs h2.title-extrait a { display:block; font-size: 14px !important }\n\t\t#childs article.fusion-post-grid { width: calc(100% \/ 4.5) !important; min-width: 330px }\n\n\t\t\/* menu bas de page *\/\n\t\t#childs.menubdp h2.title-extrait  { padding:5px; margin:0px 10px !important }\n\t\t#childs.menubdp article { border-radius: 5px }\n\t\t#childs.menubdp li { font-size:12px }\n\t\t#childs.menubdp article h2 { margin-bottom:0px !important }\n\t\t\n\t\t\/* liste page *\/\n\t\t#childs.liste h2.title-extrait { padding:10px; margin:0px 6px !important; border:none !important }\n\t\t#childs.liste { flex-wrap: wrap !important } \t\t\n\t\t#childs.liste article { box-shadow: 0 0 11px rgb(0 0 0 \/ 30%); color:#fff }\n\t\t#childs.liste h2.title-extrait a { font-size: 16px !important; font-family: \"Ubuntu\" !important }\n\t\t\n\t\t#childs article { box-shadow: 0 0 11px rgb(0 0 0 \/ 30%) }\n\t\t\n\t\t#childs.color-mh article { background-color:#C47C73 }\n\t\t#childs.color-chalet article { background-color:#e8ac00 }\n\t\t#childs.color-caravane article { background-color:#babc49 }\t\t\n\t\t\n\t\t@media (max-width: 1000px) {\n\t\t\t#childs.liste { flex-wrap: wrap }\n\t\t\t#childs.liste article { max-width:350px !important }\n\t\t}\n\t\t.loc-extrait { display:flex; justify-content: center;padding-left:0px !important; border-radius: 0 0 11px 11px; margin:0 !important; background-color:#fff; color: rgba(0,0,0,0.6); justify-content: space-evenly }\n\t\t#childs.menubdp .loc-extrait { border-radius: 0 0 5px 5px }\n\t\t.loc-extrait li { list-style:none !important; line-height:1.2em; margin:10px 10px; font-size:16px; display:flex; flex-direction: column-reverse }\n\t\t.loc-extrait li i { margin-bottom:8px }\n\t\t.loc-extrait i:before { font-size:30px; margin:2px; color:var(--cl-vert) !important }\n\t\t.loc-extrait span { font-weight:normal }\n\t\t.loc-extrait-cc span { font-weight:bold }\n\t\t.loc-extrait-cc i { margin-right:10px; display:inline-block; margin-top:15px }\n\t\t\n\t\t.title-liste { font-size:25px; color:#974292 }\n\t\t\n        <\/style>\n        <div id=\"childs\" class=\"fusion-posts-container fusion-posts-container-no liste\">\n\t\t\t\t\t\t\t<article id=\"post-1875\" class=\"fusion-post-grid post-1875 \">\n                    <h2 class=\"title-extrait\"><a href=\"https:\/\/www.camping-belos.com\/de\/die-mietunterkuenfte\/confort-vermietung\/chalet-abeille-2-4-personen\/\" title=\"Chalet Abeille 2-4 Personen\">Chalet Abeille 2-4 Personen<\/a><\/h2>\n                    <a href=\"https:\/\/www.camping-belos.com\/de\/die-mietunterkuenfte\/confort-vermietung\/chalet-abeille-2-4-personen\/\" title=\"Chalet Abeille 2-4 Personen\"><img class=\"lazyload\" decoding=\"async\" src=\"data:image\/svg+xml,%3Csvg%20xmlns%3D%27http%3A%2F%2Fwww.w3.org%2F2000%2Fsvg%27%20width%3D%27460%27%20height%3D%27295%27%20viewBox%3D%270%200%20460%20295%27%3E%3Crect%20width%3D%27460%27%20height%3D%27295%27%20fill-opacity%3D%220%22%2F%3E%3C%2Fsvg%3E\" data-orig-src=\"https:\/\/www.camping-belos.com\/wp-content\/uploads\/chalet-abeille-4p-02-460x295.jpg\" alt=\"Chalet Abeille 4 Personen\" title=\"\" \/><\/a>\n                  \t\t\t\t\t<ul class=\"loc-extrait\">\r\n<li>Bis zu 4<i class=\"picto-personne\"><\/i><\/li>\r\n<li>1 Schlafzimmer<i class=\"picto-chambre\"><\/i><\/li>\r\n<li>18 m\u00b2<i class=\"picto-surface\"><\/i><\/li>\r\n<\/ul>                        \n                    <div class=\"fusion-clearfix\"><\/div>\n\t\t\t\t<\/article>\n\t\t\t\t\t\t\t\t<article id=\"post-1873\" class=\"fusion-post-grid post-1873 \">\n                    <h2 class=\"title-extrait\"><a href=\"https:\/\/www.camping-belos.com\/de\/die-mietunterkuenfte\/confort-vermietung\/chalet-morea-5-personen\/\" title=\"Chalet Mor\u00e9a 5 Personen\">Chalet Mor\u00e9a 5 Personen<\/a><\/h2>\n                    <a href=\"https:\/\/www.camping-belos.com\/de\/die-mietunterkuenfte\/confort-vermietung\/chalet-morea-5-personen\/\" title=\"Chalet Mor\u00e9a 5 Personen\"><img class=\"lazyload\" decoding=\"async\" src=\"data:image\/svg+xml,%3Csvg%20xmlns%3D%27http%3A%2F%2Fwww.w3.org%2F2000%2Fsvg%27%20width%3D%27460%27%20height%3D%27295%27%20viewBox%3D%270%200%20460%20295%27%3E%3Crect%20width%3D%27460%27%20height%3D%27295%27%20fill-opacity%3D%220%22%2F%3E%3C%2Fsvg%3E\" data-orig-src=\"https:\/\/www.camping-belos.com\/wp-content\/uploads\/chalet-morea-4p-04-460x295.jpg\" alt=\"Chalet Mor\u00e9a 5 Personen\" title=\"\" \/><\/a>\n                  \t\t\t\t\t<ul class=\"loc-extrait\">\r\n<li>Bis zu 5<i class=\"picto-personne\"><\/i><\/li>\r\n<li>2 Schlafzimmer<i class=\"picto-chambre\"><\/i><\/li>\r\n<li>24,6 m\u00b2<i class=\"picto-surface\"><\/i><\/li>\r\n<\/ul>                        \n                    <div class=\"fusion-clearfix\"><\/div>\n\t\t\t\t<\/article>\n\t\t\t\t\t\t\t\t<article id=\"post-1871\" class=\"fusion-post-grid post-1871 \">\n                    <h2 class=\"title-extrait\"><a href=\"https:\/\/www.camping-belos.com\/de\/die-mietunterkuenfte\/confort-vermietung\/chalet-morea-confort-5-personen\/\" title=\"Chalet Mor\u00e9a Confort 5 Personen\">Chalet Mor\u00e9a Confort 5 Personen<\/a><\/h2>\n                    <a href=\"https:\/\/www.camping-belos.com\/de\/die-mietunterkuenfte\/confort-vermietung\/chalet-morea-confort-5-personen\/\" title=\"Chalet Mor\u00e9a Confort 5 Personen\"><img class=\"lazyload\" decoding=\"async\" src=\"data:image\/svg+xml,%3Csvg%20xmlns%3D%27http%3A%2F%2Fwww.w3.org%2F2000%2Fsvg%27%20width%3D%27460%27%20height%3D%27295%27%20viewBox%3D%270%200%20460%20295%27%3E%3Crect%20width%3D%27460%27%20height%3D%27295%27%20fill-opacity%3D%220%22%2F%3E%3C%2Fsvg%3E\" data-orig-src=\"https:\/\/www.camping-belos.com\/wp-content\/uploads\/chalet-morea-confort-02-460x295.jpg\" alt=\"Chalet Mor\u00e9a Confort 5 Personen\" title=\"\" \/><\/a>\n                  \t\t\t\t\t<ul class=\"loc-extrait\">\r\n<li>Bis zu 5<i class=\"picto-personne\"><\/i><\/li>\r\n<li>2 Schlafzimmer<i class=\"picto-chambre\"><\/i><\/li>\r\n<li>24,6 m\u00b2<i class=\"picto-surface\"><\/i><\/li>\r\n<\/ul>                        \n                    <div class=\"fusion-clearfix\"><\/div>\n\t\t\t\t<\/article>\n\t\t\t\t\t\t\t\t<article id=\"post-2374\" class=\"fusion-post-grid post-2374 \">\n                    <h2 class=\"title-extrait\"><a href=\"https:\/\/www.camping-belos.com\/de\/die-mietunterkuenfte\/confort-vermietung\/chalet-confort-xxl-4-6-personen\/\" title=\"Chalet Confort XXL 4\/6 Personen\">Chalet Confort XXL 4\/6 Personen<\/a><\/h2>\n                    <a href=\"https:\/\/www.camping-belos.com\/de\/die-mietunterkuenfte\/confort-vermietung\/chalet-confort-xxl-4-6-personen\/\" title=\"Chalet Confort XXL 4\/6 Personen\"><img class=\"lazyload\" decoding=\"async\" src=\"data:image\/svg+xml,%3Csvg%20xmlns%3D%27http%3A%2F%2Fwww.w3.org%2F2000%2Fsvg%27%20width%3D%27460%27%20height%3D%27295%27%20viewBox%3D%270%200%20460%20295%27%3E%3Crect%20width%3D%27460%27%20height%3D%27295%27%20fill-opacity%3D%220%22%2F%3E%3C%2Fsvg%3E\" data-orig-src=\"https:\/\/www.camping-belos.com\/wp-content\/uploads\/chalet-xxl-02-460x295.jpg\" alt=\"Chalet XXL 4\/6 Personen\" title=\"\" \/><\/a>\n                  \t\t\t\t\t<ul class=\"loc-extrait\">\r\n<li>Bis zu 6<i class=\"picto-personne\"><\/i><\/li>\r\n<li>2 Schlafzimmer<i class=\"picto-chambre\"><\/i><\/li>\r\n<li>40 m\u00b2<i class=\"picto-surface\"><\/i><\/li>\r\n<\/ul>                        \n                    <div class=\"fusion-clearfix\"><\/div>\n\t\t\t\t<\/article>\n\t\t\t\t\t\t\t\t<article id=\"post-2231\" class=\"fusion-post-grid post-2231 \">\n                    <h2 class=\"title-extrait\"><a href=\"https:\/\/www.camping-belos.com\/de\/die-mietunterkuenfte\/confort-vermietung\/mobilheim-coquelicot-4-personen\/\" title=\"Mobilheim Coquelicot 4 Personen\">Mobilheim Coquelicot 4 Personen<\/a><\/h2>\n                    <a href=\"https:\/\/www.camping-belos.com\/de\/die-mietunterkuenfte\/confort-vermietung\/mobilheim-coquelicot-4-personen\/\" title=\"Mobilheim Coquelicot 4 Personen\"><img class=\"lazyload\" decoding=\"async\" src=\"data:image\/svg+xml,%3Csvg%20xmlns%3D%27http%3A%2F%2Fwww.w3.org%2F2000%2Fsvg%27%20width%3D%27460%27%20height%3D%27295%27%20viewBox%3D%270%200%20460%20295%27%3E%3Crect%20width%3D%27460%27%20height%3D%27295%27%20fill-opacity%3D%220%22%2F%3E%3C%2Fsvg%3E\" data-orig-src=\"https:\/\/www.camping-belos.com\/wp-content\/uploads\/mh-coquelicot-01-460x295.jpg\" alt=\"Mobilheim Coquelicot 2\/4 Personen\" title=\"\" \/><\/a>\n                  \t\t\t\t\t<ul class=\"loc-extrait\">\r\n<li>Bis zu 4<i class=\"picto-personne\"><\/i><\/li>\r\n<li>2 Schlafzimmer<i class=\"picto-chambre\"><\/i><\/li>\r\n<li>18 m\u00b2<i class=\"picto-surface\"><\/i><\/li>\r\n<\/ul>                        \n                    <div class=\"fusion-clearfix\"><\/div>\n\t\t\t\t<\/article>\n\t\t\t\t\t\t\t\t<article id=\"post-1878\" class=\"fusion-post-grid post-1878 \">\n                    <h2 class=\"title-extrait\"><a href=\"https:\/\/www.camping-belos.com\/de\/die-mietunterkuenfte\/confort-vermietung\/mobilheim-rapidhome-4-6-personen\/\" title=\"Mobilheim Rapidhome 4-6 Personen\">Mobilheim Rapidhome 4-6 Personen<\/a><\/h2>\n                    <a href=\"https:\/\/www.camping-belos.com\/de\/die-mietunterkuenfte\/confort-vermietung\/mobilheim-rapidhome-4-6-personen\/\" title=\"Mobilheim Rapidhome 4-6 Personen\"><img class=\"lazyload\" decoding=\"async\" src=\"data:image\/svg+xml,%3Csvg%20xmlns%3D%27http%3A%2F%2Fwww.w3.org%2F2000%2Fsvg%27%20width%3D%27460%27%20height%3D%27295%27%20viewBox%3D%270%200%20460%20295%27%3E%3Crect%20width%3D%27460%27%20height%3D%27295%27%20fill-opacity%3D%220%22%2F%3E%3C%2Fsvg%3E\" data-orig-src=\"https:\/\/www.camping-belos.com\/wp-content\/uploads\/mobil-home-rapidhome-6p-04-460x295.jpg\" alt=\"Mobilheim Rapidhome 6 Personen\" title=\"\" \/><\/a>\n                  \t\t\t\t\t<ul class=\"loc-extrait\">\r\n<li>Bis zu 6<i class=\"picto-personne\"><\/i><\/li>\r\n<li>2 Schlafzimmer<i class=\"picto-chambre\"><\/i><\/li>\r\n<li>24 m\u00b2<i class=\"picto-surface\"><\/i><\/li>\r\n<\/ul>                        \n                    <div class=\"fusion-clearfix\"><\/div>\n\t\t\t\t<\/article>\n\t\t\t\t\t\t\t\t<article id=\"post-1866\" class=\"fusion-post-grid post-1866 \">\n                    <h2 class=\"title-extrait\"><a href=\"https:\/\/www.camping-belos.com\/de\/die-mietunterkuenfte\/confort-vermietung\/mobilheim-irm-4-6-personen\/\" title=\"Mobilheim IRM 4-6 Personen\">Mobilheim IRM 4-6 Personen<\/a><\/h2>\n                    <a href=\"https:\/\/www.camping-belos.com\/de\/die-mietunterkuenfte\/confort-vermietung\/mobilheim-irm-4-6-personen\/\" title=\"Mobilheim IRM 4-6 Personen\"><img class=\"lazyload\" decoding=\"async\" src=\"data:image\/svg+xml,%3Csvg%20xmlns%3D%27http%3A%2F%2Fwww.w3.org%2F2000%2Fsvg%27%20width%3D%27460%27%20height%3D%27295%27%20viewBox%3D%270%200%20460%20295%27%3E%3Crect%20width%3D%27460%27%20height%3D%27295%27%20fill-opacity%3D%220%22%2F%3E%3C%2Fsvg%3E\" data-orig-src=\"https:\/\/www.camping-belos.com\/wp-content\/uploads\/mobil-home-irm-6p-03-460x295.jpg\" alt=\"Mobilheim IRM 6 Personen\" title=\"\" \/><\/a>\n                  \t\t\t\t\t<ul class=\"loc-extrait\">\r\n<li>Bis zu 6<i class=\"picto-personne\"><\/i><\/li>\r\n<li>2 Schlafzimmer<i class=\"picto-chambre\"><\/i><\/li>\r\n<li>25,5 m\u00b2<i class=\"picto-surface\"><\/i><\/li>\r\n<\/ul>                        \n                    <div class=\"fusion-clearfix\"><\/div>\n\t\t\t\t<\/article>\n\t\t\t\t\t\t\t\t<article id=\"post-1863\" class=\"fusion-post-grid post-1863 \">\n                    <h2 class=\"title-extrait\"><a href=\"https:\/\/www.camping-belos.com\/de\/die-mietunterkuenfte\/confort-vermietung\/mobilheim-ohara-4-6-personen\/\" title=\"Mobilheim O&#8217;Hara 4-6 Personen\">Mobilheim O&#8217;Hara 4-6 Personen<\/a><\/h2>\n                    <a href=\"https:\/\/www.camping-belos.com\/de\/die-mietunterkuenfte\/confort-vermietung\/mobilheim-ohara-4-6-personen\/\" title=\"Mobilheim O&#8217;Hara 4-6 Personen\"><img class=\"lazyload\" decoding=\"async\" src=\"data:image\/svg+xml,%3Csvg%20xmlns%3D%27http%3A%2F%2Fwww.w3.org%2F2000%2Fsvg%27%20width%3D%27460%27%20height%3D%27295%27%20viewBox%3D%270%200%20460%20295%27%3E%3Crect%20width%3D%27460%27%20height%3D%27295%27%20fill-opacity%3D%220%22%2F%3E%3C%2Fsvg%3E\" data-orig-src=\"https:\/\/www.camping-belos.com\/wp-content\/uploads\/mobil-home-ohara-6p-02-460x295.jpg\" alt=\"Mobilheim O'Hara 6 Personen\" title=\"\" \/><\/a>\n                  \t\t\t\t\t<ul class=\"loc-extrait\">\r\n<li>Bis zu 6<i class=\"picto-personne\"><\/i><\/li>\r\n<li>2 Schlafzimmer<i class=\"picto-chambre\"><\/i><\/li>\r\n<li>30 m\u00b2<i class=\"picto-surface\"><\/i><\/li>\r\n<\/ul>                        \n                    <div class=\"fusion-clearfix\"><\/div>\n\t\t\t\t<\/article>\n\t\t\t\t        <\/div>\n\t\t<\/div><style type=\"text\/css\">.fusion-body .fusion-builder-column-2{width:100% !important;margin-top : 0px;margin-bottom : 20px;}.fusion-builder-column-2 > .fusion-column-wrapper {padding-top : 0px !important;padding-right : 0px !important;margin-right : 1.92%;padding-bottom : 0px !important;padding-left : 0px !important;margin-left : 1.92%;}@media only screen and (max-width:1024px) {.fusion-body .fusion-builder-column-2{width:100% !important;order : 0;}.fusion-builder-column-2 > .fusion-column-wrapper {margin-right : 1.92%;margin-left : 1.92%;}}@media only screen and (max-width:640px) {.fusion-body .fusion-builder-column-2{width:100% !important;order : 0;}.fusion-builder-column-2 > .fusion-column-wrapper {margin-right : 1.92%;margin-left : 1.92%;}}<\/style><\/div><\/div><style type=\"text\/css\">.fusion-body .fusion-flex-container.fusion-builder-row-1{ padding-top : 0px;margin-top : 0px;padding-right : 0px;padding-bottom : 0px;margin-bottom : 0px;padding-left : 0px;}<\/style><\/div>\n","protected":false},"excerpt":{"rendered":"<ul class=\"loc-extrait\">\n<li>Bis zu 6<i class=\"picto-personne\"><\/i><\/li>\n<li>18 bis 30 m\u00b2<i class=\"picto-surface\"><\/i><\/li>\n<\/ul>\n","protected":false},"author":1,"featured_media":1384,"parent":1934,"menu_order":2,"comment_status":"closed","ping_status":"closed","template":"","meta":{"footnotes":""},"class_list":["post-1859","page","type-page","status-publish","has-post-thumbnail","hentry"],"_links":{"self":[{"href":"https:\/\/www.camping-belos.com\/de\/wp-json\/wp\/v2\/pages\/1859","targetHints":{"allow":["GET"]}}],"collection":[{"href":"https:\/\/www.camping-belos.com\/de\/wp-json\/wp\/v2\/pages"}],"about":[{"href":"https:\/\/www.camping-belos.com\/de\/wp-json\/wp\/v2\/types\/page"}],"author":[{"embeddable":true,"href":"https:\/\/www.camping-belos.com\/de\/wp-json\/wp\/v2\/users\/1"}],"replies":[{"embeddable":true,"href":"https:\/\/www.camping-belos.com\/de\/wp-json\/wp\/v2\/comments?post=1859"}],"version-history":[{"count":4,"href":"https:\/\/www.camping-belos.com\/de\/wp-json\/wp\/v2\/pages\/1859\/revisions"}],"predecessor-version":[{"id":2138,"href":"https:\/\/www.camping-belos.com\/de\/wp-json\/wp\/v2\/pages\/1859\/revisions\/2138"}],"up":[{"embeddable":true,"href":"https:\/\/www.camping-belos.com\/de\/wp-json\/wp\/v2\/pages\/1934"}],"wp:featuredmedia":[{"embeddable":true,"href":"https:\/\/www.camping-belos.com\/de\/wp-json\/wp\/v2\/media\/1384"}],"wp:attachment":[{"href":"https:\/\/www.camping-belos.com\/de\/wp-json\/wp\/v2\/media?parent=1859"}],"curies":[{"name":"wp","href":"https:\/\/api.w.org\/{rel}","templated":true}]}}